{"id":2221,"date":"2025-12-24T10:38:35","date_gmt":"2025-12-24T09:38:35","guid":{"rendered":"https:\/\/revesetjardins.fr\/?page_id=2221"},"modified":"2025-12-24T10:41:58","modified_gmt":"2025-12-24T09:41:58","slug":"reves-jardins-shop-in-loix","status":"publish","type":"page","link":"https:\/\/revesetjardins.fr\/en\/reves-jardins-shop-in-loix\/","title":{"rendered":"R\u00e9Ves &#038; Jardins Shop in Loix"},"content":{"rendered":"<div class=\"wpb-content-wrapper\"><p>[vc_row css_animation=&#8221;&#8221; row_type=&#8221;row&#8221; use_row_as_full_screen_section=&#8221;no&#8221; type=&#8221;grid&#8221; angled_section=&#8221;no&#8221; text_align=&#8221;left&#8221; background_image_as_pattern=&#8221;without_pattern&#8221; z_index=&#8221;&#8221; el_class=&#8221;section_white&#8221;][vc_column][vc_row_inner row_type=&#8221;row&#8221; type=&#8221;full_width&#8221; text_align=&#8221;left&#8221; css_animation=&#8221;&#8221; el_class=&#8221;content_vertical_align_center&#8221;][vc_column_inner width=&#8221;1\/2&#8243;][vc_single_image image=&#8221;2304&#8243; img_size=&#8221;full&#8221; alignment=&#8221;center&#8221; css=&#8221;&#8221; qode_css_animation=&#8221;&#8221; el_class=&#8221;img_2026&#8243;][\/vc_column_inner][vc_column_inner el_class=&#8221;align_bottom&#8221; width=&#8221;1\/2&#8243;][vc_column_text css=&#8221;&#8221; el_class=&#8221;color_green h2_2026&#8243;]<\/p>\n<h2>Home d\u00e9cor, gifts, garden &amp; everyday services in the heart of \u00cele de R\u00e9<\/h2>\n<p>[\/vc_column_text][vc_column_text css=&#8221;&#8221; el_class=&#8221;color_black txt_2026&#8243;]<span style=\"font-weight: 400;\">Opened in 2023, the R\u00e9Ves &amp; Jardins shop in Loix welcomes you all year round into a world that is inspiring, colourful and friendly.<\/span><span style=\"font-weight: 400;\"><br \/>\n<\/span><span style=\"font-weight: 400;\">A true place to live, our space brings together home d\u00e9cor, art de vivre, garden accessories and everyday services, in a warm spirit and close to local artisans.<\/span>[\/vc_column_text][\/vc_column_inner][\/vc_row_inner][\/vc_column][\/vc_row][vc_row css_animation=&#8221;&#8221; row_type=&#8221;row&#8221; use_row_as_full_screen_section=&#8221;no&#8221; type=&#8221;grid&#8221; angled_section=&#8221;no&#8221; text_align=&#8221;left&#8221; background_image_as_pattern=&#8221;without_pattern&#8221; z_index=&#8221;&#8221; el_class=&#8221;section_green&#8221;][vc_column][vc_row_inner row_type=&#8221;row&#8221; type=&#8221;full_width&#8221; text_align=&#8221;left&#8221; css_animation=&#8221;&#8221; el_class=&#8221;content_vertical_align_center&#8221;][vc_column_inner el_class=&#8221;align_bottom&#8221; width=&#8221;1\/2&#8243;][vc_column_text css=&#8221;&#8221; el_class=&#8221;color_white h2_2026&#8243;]<\/p>\n<h2>Home d\u00e9cor &amp; lifestyle<\/h2>\n<p>[\/vc_column_text][vc_column_text css=&#8221;&#8221; el_class=&#8221;color_white txt_2026&#8243;]Step into a place where every item has a story.<br \/>\nOur selection highlights creators and artisans from \u00cele de R\u00e9 and the region as much as possible, for authentic and original d\u00e9cor.<\/p>\n<p>You\u2019ll find:<\/p>\n<ul>\n<li>Decorative items for the home and garden<\/li>\n<li>Gift ideas for every occasion<\/li>\n<li>Accessories for the pool and outdoor living<\/li>\n<li>Succulents, plant pots and small accent furnishings<\/li>\n<li>A space designed to inspire you and enhance both your indoor and outdoor areas.<\/li>\n<\/ul>\n<p>[\/vc_column_text][\/vc_column_inner][vc_column_inner width=&#8221;1\/2&#8243;][vc_single_image image=&#8221;2307&#8243; img_size=&#8221;full&#8221; alignment=&#8221;center&#8221; css=&#8221;&#8221; qode_css_animation=&#8221;&#8221; el_class=&#8221;img_2026&#8243;][\/vc_column_inner][\/vc_row_inner][\/vc_column][\/vc_row][vc_row css_animation=&#8221;&#8221; row_type=&#8221;row&#8221; use_row_as_full_screen_section=&#8221;no&#8221; type=&#8221;grid&#8221; angled_section=&#8221;no&#8221; text_align=&#8221;left&#8221; background_image_as_pattern=&#8221;without_pattern&#8221; z_index=&#8221;&#8221; el_class=&#8221;section_white&#8221;][vc_column][vc_row_inner row_type=&#8221;row&#8221; type=&#8221;full_width&#8221; text_align=&#8221;left&#8221; css_animation=&#8221;&#8221; el_class=&#8221;content_vertical_align_center&#8221;][vc_column_inner width=&#8221;1\/2&#8243;][vc_single_image image=&#8221;2310&#8243; img_size=&#8221;full&#8221; alignment=&#8221;center&#8221; css=&#8221;&#8221; qode_css_animation=&#8221;&#8221; el_class=&#8221;img_2026&#8243;][\/vc_column_inner][vc_column_inner el_class=&#8221;align_bottom&#8221; width=&#8221;1\/2&#8243;][vc_column_text css=&#8221;&#8221; el_class=&#8221;color_green h2_2026&#8243;]<\/p>\n<h2>Everyday services all year round<\/h2>\n<p>[\/vc_column_text][vc_column_text css=&#8221;&#8221; el_class=&#8221;color_black txt_2026&#8243;]Because R\u00e9Ves &amp; Jardins is also about being close at hand and practical, our shop offers a range of useful everyday services:<\/p>\n<ul>\n<li>Flat key cutting<\/li>\n<li>Gas bottle sales<\/li>\n<li>Potting soil, charcoal and garden-care products<\/li>\n<li>Firewood sales, delivery and stacking<\/li>\n<li>Household linen rental via our partner [Loclinge]<\/li>\n<li>Help with bicycle rentals in partnership with [BeachBikes]<\/li>\n<\/ul>\n<p>One place, multiple solutions to make your stay or your day-to-day life on \u00cele de R\u00e9 easier.[\/vc_column_text][\/vc_column_inner][\/vc_row_inner][\/vc_column][\/vc_row][vc_row css_animation=&#8221;&#8221; row_type=&#8221;row&#8221; use_row_as_full_screen_section=&#8221;no&#8221; type=&#8221;grid&#8221; angled_section=&#8221;no&#8221; text_align=&#8221;left&#8221; background_image_as_pattern=&#8221;without_pattern&#8221; z_index=&#8221;&#8221; el_class=&#8221;section_grey&#8221;][vc_column][vc_row_inner row_type=&#8221;row&#8221; type=&#8221;full_width&#8221; text_align=&#8221;left&#8221; css_animation=&#8221;&#8221;][vc_column_inner][vc_column_text css=&#8221;&#8221; el_class=&#8221;color_green h2_2026 max_width_55 content_center&#8221;]<\/p>\n<h2 style=\"text-align: center;\">A friendly, lively place<\/h2>\n<p>[\/vc_column_text][vc_column_text css=&#8221;&#8221; el_class=&#8221;txt_2026 max_width_65 content_center&#8221;]<\/p>\n<p style=\"text-align: center;\">The R\u00e9Ves &amp; Jardins shop is above all a friendly, relaxed atmosphere\u2014where you can stroll, chat and find inspiration.<\/p>\n<p style=\"text-align: center;\">Whether you live here year-round, own a second home or are just visiting, our team will be delighted to welcome you, advise you and introduce you to our seasonal new arrivals.<\/p>\n<p style=\"text-align: center;\">A place that reflects \u00cele de R\u00e9: authentic, warm and full of charm.<\/p>\n<p>[\/vc_column_text][\/vc_column_inner][\/vc_row_inner][\/vc_column][\/vc_row][vc_row css_animation=&#8221;&#8221; row_type=&#8221;row&#8221; use_row_as_full_screen_section=&#8221;no&#8221; type=&#8221;grid&#8221; angled_section=&#8221;no&#8221; text_align=&#8221;left&#8221; background_image_as_pattern=&#8221;without_pattern&#8221; z_index=&#8221;&#8221; el_class=&#8221;section_white&#8221;][vc_column][vc_row_inner row_type=&#8221;row&#8221; type=&#8221;full_width&#8221; text_align=&#8221;left&#8221; css_animation=&#8221;&#8221; el_class=&#8221;content_vertical_align_center&#8221;][vc_column_inner width=&#8221;2\/3&#8243;][vc_single_image image=&#8221;2313&#8243; img_size=&#8221;full&#8221; alignment=&#8221;center&#8221; css=&#8221;&#8221; qode_css_animation=&#8221;&#8221; el_class=&#8221;img_2026&#8243;][\/vc_column_inner][vc_column_inner el_class=&#8221;bloc_orange&#8221; width=&#8221;1\/3&#8243;][vc_column_text css=&#8221;&#8221; el_class=&#8221;color_white h2_2026&#8243;]<\/p>\n<h2>Practical information<\/h2>\n<p>[\/vc_column_text][vc_column_text css=&#8221;&#8221; el_class=&#8221;color_white txt_2026&#8243;]<b>R\u00e9Ves &amp; Jardins Shop \u2013 Loix<\/b><\/p>\n<p><b>Address: <\/b>5 chemin du Corps de Garde \u2013 17111 Loix<br \/>\nOpen year-round \u2013 hours vary by season<\/p>\n<p><b>Tel: <\/b>05 46 44 57 99<b><br \/>\n<\/b><b>Email:<\/b> contact@revesetjardins.fr<\/p>\n<p>Follow us on Facebook and Instagram to discover our latest arrivals, d\u00e9cor favourites and great deals.[\/vc_column_text][\/vc_column_inner][\/vc_row_inner][\/vc_column][\/vc_row]<\/p>\n<\/div>","protected":false},"excerpt":{"rendered":"<p>[vc_row css_animation=&#8221;&#8221; row_type=&#8221;row&#8221; use_row_as_full_screen_section=&#8221;no&#8221; type=&#8221;grid&#8221; angled_section=&#8221;no&#8221; text_align=&#8221;left&#8221; background_image_as_pattern=&#8221;without_pattern&#8221; z_index=&#8221;&#8221; el_class=&#8221;section_white&#8221;][vc_column][vc_row_inner row_type=&#8221;row&#8221; type=&#8221;full_width&#8221; text_align=&#8221;left&#8221; css_animation=&#8221;&#8221; el_class=&#8221;content_vertical_align_center&#8221;][vc_column_inner width=&#8221;1\/2&#8243;][vc_single_image image=&#8221;2304&#8243; img_size=&#8221;full&#8221; alignment=&#8221;center&#8221; css=&#8221;&#8221; qode_css_animation=&#8221;&#8221; el_class=&#8221;img_2026&#8243;][\/vc_column_inner][vc_column_inner el_class=&#8221;align_bottom&#8221; width=&#8221;1\/2&#8243;][vc_column_text css=&#8221;&#8221; el_class=&#8221;color_green h2_2026&#8243;] Home d\u00e9cor, gifts, garden &amp; everyday services in the heart of \u00cele de R\u00e9 [\/vc_column_text][vc_column_text css=&#8221;&#8221; el_class=&#8221;color_black txt_2026&#8243;]Opened&#8230;<\/p>\n","protected":false},"author":1,"featured_media":0,"parent":0,"menu_order":0,"comment_status":"closed","ping_status":"closed","template":"full_width.php","meta":{"inline_featured_image":false,"footnotes":""},"class_list":["post-2221","page","type-page","status-publish","hentry"],"yoast_head":"<!-- This site is optimized with the Yoast SEO plugin v27.5 - https:\/\/yoast.com\/product\/yoast-seo-wordpress\/ -->\n<title>Maintenance of your landscaped area on Ile de R\u00e9 | R\u00e9ves &amp; Jardins<\/title>\n<meta name=\"description\" content=\"Maintenance of yourlandscaped area: Whether you live on R\u00e9 Island or close to La Rochelle, whether you work in Tourism or Real estate, your landscaped...\" \/>\n<meta name=\"robots\" content=\"index, follow, max-snippet:-1, max-image-preview:large, max-video-preview:-1\" \/>\n<link rel=\"canonical\" href=\"https:\/\/revesetjardins.fr\/en\/reves-jardins-shop-in-loix\/\" \/>\n<meta property=\"og:locale\" content=\"en_US\" \/>\n<meta property=\"og:type\" content=\"article\" \/>\n<meta property=\"og:title\" content=\"Maintenance of your landscaped area on Ile de R\u00e9 | R\u00e9ves &amp; Jardins\" \/>\n<meta property=\"og:description\" content=\"Maintenance of yourlandscaped area: Whether you live on R\u00e9 Island or close to La Rochelle, whether you work in Tourism or Real estate, your landscaped...\" \/>\n<meta property=\"og:url\" content=\"https:\/\/revesetjardins.fr\/en\/reves-jardins-shop-in-loix\/\" \/>\n<meta property=\"og:site_name\" content=\"R\u00e9ves &amp; Jardins\" \/>\n<meta property=\"article:publisher\" content=\"https:\/\/www.facebook.com\/revesetjardins17\/\" \/>\n<meta property=\"article:modified_time\" content=\"2025-12-24T09:41:58+00:00\" \/>\n<meta name=\"twitter:card\" content=\"summary_large_image\" \/>\n<meta name=\"twitter:label1\" content=\"Est. reading time\" \/>\n\t<meta name=\"twitter:data1\" content=\"3 minutes\" \/>\n<script type=\"application\/ld+json\" class=\"yoast-schema-graph\">{\"@context\":\"https:\\\/\\\/schema.org\",\"@graph\":[{\"@type\":\"WebPage\",\"@id\":\"https:\\\/\\\/revesetjardins.fr\\\/en\\\/reves-jardins-shop-in-loix\\\/\",\"url\":\"https:\\\/\\\/revesetjardins.fr\\\/en\\\/reves-jardins-shop-in-loix\\\/\",\"name\":\"Maintenance of your landscaped area on Ile de R\u00e9 | R\u00e9ves &amp; Jardins\",\"isPartOf\":{\"@id\":\"https:\\\/\\\/revesetjardins.fr\\\/#website\"},\"datePublished\":\"2025-12-24T09:38:35+00:00\",\"dateModified\":\"2025-12-24T09:41:58+00:00\",\"description\":\"Maintenance of yourlandscaped area: Whether you live on R\u00e9 Island or close to La Rochelle, whether you work in Tourism or Real estate, your landscaped...\",\"breadcrumb\":{\"@id\":\"https:\\\/\\\/revesetjardins.fr\\\/en\\\/reves-jardins-shop-in-loix\\\/#breadcrumb\"},\"inLanguage\":\"en-US\",\"potentialAction\":[{\"@type\":\"ReadAction\",\"target\":[\"https:\\\/\\\/revesetjardins.fr\\\/en\\\/reves-jardins-shop-in-loix\\\/\"]}]},{\"@type\":\"BreadcrumbList\",\"@id\":\"https:\\\/\\\/revesetjardins.fr\\\/en\\\/reves-jardins-shop-in-loix\\\/#breadcrumb\",\"itemListElement\":[{\"@type\":\"ListItem\",\"position\":1,\"name\":\"Accueil\",\"item\":\"https:\\\/\\\/revesetjardins.fr\\\/en\\\/\"},{\"@type\":\"ListItem\",\"position\":2,\"name\":\"R\u00e9Ves &#038; Jardins Shop in Loix\"}]},{\"@type\":\"WebSite\",\"@id\":\"https:\\\/\\\/revesetjardins.fr\\\/#website\",\"url\":\"https:\\\/\\\/revesetjardins.fr\\\/\",\"name\":\"R\u00e9ves &amp; Jardins\",\"description\":\"Paysagiste Ile de R\u00e9\",\"publisher\":{\"@id\":\"https:\\\/\\\/revesetjardins.fr\\\/#organization\"},\"potentialAction\":[{\"@type\":\"SearchAction\",\"target\":{\"@type\":\"EntryPoint\",\"urlTemplate\":\"https:\\\/\\\/revesetjardins.fr\\\/?s={search_term_string}\"},\"query-input\":{\"@type\":\"PropertyValueSpecification\",\"valueRequired\":true,\"valueName\":\"search_term_string\"}}],\"inLanguage\":\"en-US\"},{\"@type\":\"Organization\",\"@id\":\"https:\\\/\\\/revesetjardins.fr\\\/#organization\",\"name\":\"R\u00e9Ves et Jardins\",\"url\":\"https:\\\/\\\/revesetjardins.fr\\\/\",\"logo\":{\"@type\":\"ImageObject\",\"inLanguage\":\"en-US\",\"@id\":\"https:\\\/\\\/revesetjardins.fr\\\/#\\\/schema\\\/logo\\\/image\\\/\",\"url\":\"https:\\\/\\\/revesetjardins.fr\\\/wp-content\\\/uploads\\\/2019\\\/04\\\/logo-reves-et-jardin-la-rochelle-ile-de-re.png\",\"contentUrl\":\"https:\\\/\\\/revesetjardins.fr\\\/wp-content\\\/uploads\\\/2019\\\/04\\\/logo-reves-et-jardin-la-rochelle-ile-de-re.png\",\"width\":600,\"height\":522,\"caption\":\"R\u00e9Ves et Jardins\"},\"image\":{\"@id\":\"https:\\\/\\\/revesetjardins.fr\\\/#\\\/schema\\\/logo\\\/image\\\/\"},\"sameAs\":[\"https:\\\/\\\/www.facebook.com\\\/revesetjardins17\\\/\",\"https:\\\/\\\/www.instagram.com\\\/revesetjardins.fr\\\/\",\"https:\\\/\\\/www.youtube.com\\\/channel\\\/UC6PYcf5YzBMslPtY2G0BJHQ\"]}]}<\/script>\n<!-- \/ Yoast SEO plugin. -->","yoast_head_json":{"title":"Maintenance of your landscaped area on Ile de R\u00e9 | R\u00e9ves &amp; Jardins","description":"Maintenance of yourlandscaped area: Whether you live on R\u00e9 Island or close to La Rochelle, whether you work in Tourism or Real estate, your landscaped...","robots":{"index":"index","follow":"follow","max-snippet":"max-snippet:-1","max-image-preview":"max-image-preview:large","max-video-preview":"max-video-preview:-1"},"canonical":"https:\/\/revesetjardins.fr\/en\/reves-jardins-shop-in-loix\/","og_locale":"en_US","og_type":"article","og_title":"Maintenance of your landscaped area on Ile de R\u00e9 | R\u00e9ves &amp; Jardins","og_description":"Maintenance of yourlandscaped area: Whether you live on R\u00e9 Island or close to La Rochelle, whether you work in Tourism or Real estate, your landscaped...","og_url":"https:\/\/revesetjardins.fr\/en\/reves-jardins-shop-in-loix\/","og_site_name":"R\u00e9ves &amp; Jardins","article_publisher":"https:\/\/www.facebook.com\/revesetjardins17\/","article_modified_time":"2025-12-24T09:41:58+00:00","twitter_card":"summary_large_image","twitter_misc":{"Est. reading time":"3 minutes"},"schema":{"@context":"https:\/\/schema.org","@graph":[{"@type":"WebPage","@id":"https:\/\/revesetjardins.fr\/en\/reves-jardins-shop-in-loix\/","url":"https:\/\/revesetjardins.fr\/en\/reves-jardins-shop-in-loix\/","name":"Maintenance of your landscaped area on Ile de R\u00e9 | R\u00e9ves &amp; Jardins","isPartOf":{"@id":"https:\/\/revesetjardins.fr\/#website"},"datePublished":"2025-12-24T09:38:35+00:00","dateModified":"2025-12-24T09:41:58+00:00","description":"Maintenance of yourlandscaped area: Whether you live on R\u00e9 Island or close to La Rochelle, whether you work in Tourism or Real estate, your landscaped...","breadcrumb":{"@id":"https:\/\/revesetjardins.fr\/en\/reves-jardins-shop-in-loix\/#breadcrumb"},"inLanguage":"en-US","potentialAction":[{"@type":"ReadAction","target":["https:\/\/revesetjardins.fr\/en\/reves-jardins-shop-in-loix\/"]}]},{"@type":"BreadcrumbList","@id":"https:\/\/revesetjardins.fr\/en\/reves-jardins-shop-in-loix\/#breadcrumb","itemListElement":[{"@type":"ListItem","position":1,"name":"Accueil","item":"https:\/\/revesetjardins.fr\/en\/"},{"@type":"ListItem","position":2,"name":"R\u00e9Ves &#038; Jardins Shop in Loix"}]},{"@type":"WebSite","@id":"https:\/\/revesetjardins.fr\/#website","url":"https:\/\/revesetjardins.fr\/","name":"R\u00e9ves &amp; Jardins","description":"Paysagiste Ile de R\u00e9","publisher":{"@id":"https:\/\/revesetjardins.fr\/#organization"},"potentialAction":[{"@type":"SearchAction","target":{"@type":"EntryPoint","urlTemplate":"https:\/\/revesetjardins.fr\/?s={search_term_string}"},"query-input":{"@type":"PropertyValueSpecification","valueRequired":true,"valueName":"search_term_string"}}],"inLanguage":"en-US"},{"@type":"Organization","@id":"https:\/\/revesetjardins.fr\/#organization","name":"R\u00e9Ves et Jardins","url":"https:\/\/revesetjardins.fr\/","logo":{"@type":"ImageObject","inLanguage":"en-US","@id":"https:\/\/revesetjardins.fr\/#\/schema\/logo\/image\/","url":"https:\/\/revesetjardins.fr\/wp-content\/uploads\/2019\/04\/logo-reves-et-jardin-la-rochelle-ile-de-re.png","contentUrl":"https:\/\/revesetjardins.fr\/wp-content\/uploads\/2019\/04\/logo-reves-et-jardin-la-rochelle-ile-de-re.png","width":600,"height":522,"caption":"R\u00e9Ves et Jardins"},"image":{"@id":"https:\/\/revesetjardins.fr\/#\/schema\/logo\/image\/"},"sameAs":["https:\/\/www.facebook.com\/revesetjardins17\/","https:\/\/www.instagram.com\/revesetjardins.fr\/","https:\/\/www.youtube.com\/channel\/UC6PYcf5YzBMslPtY2G0BJHQ"]}]}},"_links":{"self":[{"href":"https:\/\/revesetjardins.fr\/en\/wp-json\/wp\/v2\/pages\/2221","targetHints":{"allow":["GET"]}}],"collection":[{"href":"https:\/\/revesetjardins.fr\/en\/wp-json\/wp\/v2\/pages"}],"about":[{"href":"https:\/\/revesetjardins.fr\/en\/wp-json\/wp\/v2\/types\/page"}],"author":[{"embeddable":true,"href":"https:\/\/revesetjardins.fr\/en\/wp-json\/wp\/v2\/users\/1"}],"replies":[{"embeddable":true,"href":"https:\/\/revesetjardins.fr\/en\/wp-json\/wp\/v2\/comments?post=2221"}],"version-history":[{"count":3,"href":"https:\/\/revesetjardins.fr\/en\/wp-json\/wp\/v2\/pages\/2221\/revisions"}],"predecessor-version":[{"id":2460,"href":"https:\/\/revesetjardins.fr\/en\/wp-json\/wp\/v2\/pages\/2221\/revisions\/2460"}],"wp:attachment":[{"href":"https:\/\/revesetjardins.fr\/en\/wp-json\/wp\/v2\/media?parent=2221"}],"curies":[{"name":"wp","href":"https:\/\/api.w.org\/{rel}","templated":true}]}}